{"id":4459,"date":"2022-10-17T13:10:53","date_gmt":"2022-10-17T11:10:53","guid":{"rendered":"https:\/\/www.mdtel.es\/tech\/?page_id=4459"},"modified":"2024-06-26T09:08:47","modified_gmt":"2024-06-26T07:08:47","slug":"politica-de-privacidad","status":"publish","type":"page","link":"https:\/\/www.mdtel.es\/tech\/empresa\/politica-de-privacidad\/","title":{"rendered":"Pol\u00edtica de Privacidad"},"content":{"rendered":"<p>[et_pb_section fb_built=\u00bb1&#8243; _builder_version=\u00bb4.20.4&#8243; _module_preset=\u00bbdefault\u00bb custom_margin=\u00bb|||13px|false|false\u00bb global_colors_info=\u00bb{}\u00bb][et_pb_row _builder_version=\u00bb4.20.4&#8243; _module_preset=\u00bbdefault\u00bb width=\u00bb94.5%\u00bb custom_margin=\u00bb|||auto|false|false\u00bb hover_enabled=\u00bb0&#8243; global_colors_info=\u00bb{}\u00bb sticky_enabled=\u00bb0&#8243;][et_pb_column type=\u00bb4_4&#8243; _builder_version=\u00bb4.18.0&#8243; _module_preset=\u00bbdefault\u00bb hover_enabled=\u00bb0&#8243; global_colors_info=\u00bb{}\u00bb sticky_enabled=\u00bb0&#8243;][et_pb_text _builder_version=\u00bb4.25.2&#8243; _module_preset=\u00bbdefault\u00bb text_font=\u00bb|300|||||||\u00bb text_line_height=\u00bb1.6em\u00bb header_font_size=\u00bb20px\u00bb custom_margin=\u00bb||||false|false\u00bb hover_enabled=\u00bb0&#8243; global_colors_info=\u00bb{}\u00bb sticky_enabled=\u00bb0&#8243;]<\/p>\n<h1><strong><span style=\"color: #808080;\">Pol\u00edtica de privacidad <span style=\"color: #144f9b;\"><em>md<\/em><\/span><span style=\"color: #000000;\">tel<\/span><\/span> <\/strong><\/h1>\n<p>&nbsp;<\/p>\n<p>A trav\u00e9s de la presente Pol\u00edtica se informa que los datos personales de usuarios facilitados a trav\u00e9s de la p\u00e1gina web <span><a href=\"http:\/\/www.mdtel.es\">www.mdtel.es<\/a><\/span>, propiedad de MAINTENANCE DEVELOPMENT, S.A. (en adelante <span style=\"color: #0c71c3;\"><strong><em>md<\/em><\/strong><\/span><span style=\"color: #000000;\">tel<\/span>), ser\u00e1n tratados de conformidad con los principios de transparencia, limitaci\u00f3n de la finalidad, minimizaci\u00f3n de datos, exactitud, integridad y confidencialidad, as\u00ed como respetando el resto de obligaciones y garant\u00edas establecidas en el Reglamento (UE) 2016\/679 del Parlamento Europeo y del Consejo de 27 de abril de 2016 relativo a la protecci\u00f3n de las personas f\u00edsicas en lo que respecta al tratamiento de datos personales y a la libre circulaci\u00f3n de estos datos (RGPD), y en la Ley Org\u00e1nica 3\/2018, de 5 de diciembre, de Protecci\u00f3n de Datos Personales y Garant\u00eda de los Derechos Digitales (LOPDGDD).<\/p>\n<p><span style=\"color: #0c71c3;\"><strong><em>md<\/em><\/strong><\/span><span style=\"color: #000000;\">tel<\/span> tambi\u00e9n hace uso de las estad\u00edsticas del sitio web con la finalidad de analizar el uso que hacen los usuarios de nuestra web. Puede obtener m\u00e1s informaci\u00f3n sobre las cookies que almacena la p\u00e1gina en nuestra <span style=\"color: rgba(0, 0, 0, 0.84);\"><strong><a href=\"https:\/\/www.mdtel.es\/tech\/empresa\/politica-de-cookies\/\" style=\"color: rgba(0, 0, 0, 0.84);\">Pol\u00edtica de Cookies.<\/a><\/strong><\/span><\/p>\n<p>En esta web pueden encontrarse enlaces a sitios web de terceros, que tienen sus propias pol\u00edticas de privacidad y de cookies ajenas a <span style=\"color: #0c71c3;\"><strong><em>md<\/em><\/strong><\/span><span style=\"color: #000000;\">tel<\/span>. Con car\u00e1cter general, cuando accede a dichos sitios usted decide si acepta sus pol\u00edticas de privacidad y de cookies.<\/p>\n<p>Si por medio de alg\u00fan formulario, correo electr\u00f3nico u otro medio nos facilita datos de car\u00e1cter personal de otras personas, le advertimos que deber\u00e1 hacerlo con su consentimiento y haberles informado, con car\u00e1cter previo, de los extremos contenidos en esta Pol\u00edtica de Privacidad. Asimismo, <span style=\"color: #0c71c3;\"><strong><em>md<\/em><\/strong><\/span><span style=\"color: #000000;\">tel<\/span> se compromete a facilitar a cualquier tercero cuyos datos nos facilite la informaci\u00f3n que resultase pertinente, de conformidad con lo dispuesto en el art\u00edculo 14 del Reglamento General.<\/p>\n<p>Si Ud. tuviera alguna duda o sugerencia, puede contactar con nosotros escribi\u00e9ndonos un email <span style=\"color: #000000;\">(<a href=\"mailto:info@mdtel.es\" style=\"color: #000000;\"><strong>info@mdtel.es<\/strong><\/a>)<\/span>, llam\u00e1ndonos por tel\u00e9fono (913346100) o envi\u00e1ndonos una carta por correo ordinario a C\/ Manuel Tovar, 38, planta 2\u00aa, 28034 Madrid, estaremos encantados de atenderle.<\/p>\n<p><strong>Responsable del Tratamiento<\/strong><\/p>\n<p>MAINTENANCE DEVELOPMENT, S.A., con C.I.F. A83637074, cuyos dem\u00e1s datos de contacto se han descrito en el apartado anterior.<\/p>\n<p>[\/et_pb_text][et_pb_text _builder_version=\u00bb4.25.2&#8243; _module_preset=\u00bbdefault\u00bb text_font=\u00bb|300|||||||\u00bb text_line_height=\u00bb1.6em\u00bb header_font_size=\u00bb20px\u00bb custom_margin=\u00bb||||false|false\u00bb hover_enabled=\u00bb0&#8243; global_colors_info=\u00bb{}\u00bb sticky_enabled=\u00bb0&#8243;]<\/p>\n<p><strong>Finalidad del Tratamiento<\/strong><\/p>\n<ul>\n<li><strong>Entablar y mantener relaciones comerciales con <\/strong><span style=\"color: #0c71c3;\"><strong><em>md<\/em><\/strong><\/span><span style=\"color: #000000;\">tel<\/span>, respecto de los productos y servicios comercializados y anunciados en la p\u00e1gina web, lo que implica poder dar respuesta a sus solicitudes informaci\u00f3n sobre los mismos realizados a trav\u00e9s del formulario de contacto web o cualquier otra v\u00eda de comunicaci\u00f3n. Esta actividad tiene por objetivo principal:\n<ul>\n<li>Contactar con usted para facilitarle informaci\u00f3n sobre los productos y servicios comercializados por <span style=\"color: #0c71c3;\"><strong><em>md<\/em><\/strong><\/span><span style=\"color: #000000;\">tel <\/span>sobre los que se ha solicitado informaci\u00f3n.<\/li>\n<li>Mantenerle informado sobre las condiciones y\/o el estado del env\u00edo, la facturaci\u00f3n y el pago de los productos y servicios adquiridos.<\/li>\n<li>Enviarle encuestas de calidad sobre los productos o servicios contratados.<\/li>\n<\/ul>\n<\/li>\n<li><strong>Informarle de otros productos y servicios comercializados por <\/strong><span style=\"color: #0c71c3;\"><strong><em>md<\/em><\/strong><\/span><span style=\"color: #000000;\">tel<\/span>, as\u00ed como de la incorporaci\u00f3n de nuevos productos y servicios de caracter\u00edsticas o funcionalidades similares a los actualmente comercializados, <strong>solamente en caso de que usted lo consienta<\/strong>. Esta actividad tiene por objetivo principal:\n<ul>\n<li>Remitirle informaci\u00f3n comercial sobre los productos y servicios ofertados por <span style=\"color: #0c71c3;\"><strong><em>md<\/em><\/strong><\/span><span style=\"color: #000000;\">tel<\/span>, distintos de aquellos de los que en su caso solicite informaci\u00f3n a trav\u00e9s de los canales pertinentes.<\/li>\n<li>Informarle del lanzamiento de nuevos productos y servicios por <span style=\"color: #0c71c3;\"><strong><em>md<\/em><\/strong><\/span><span style=\"color: #000000;\">tel<\/span>, as\u00ed como por sus socios comerciales o <em>partners<\/em> estrat\u00e9gicos.<\/li>\n<\/ul>\n<\/li>\n<\/ul>\n<p><strong>Legitimidad del tratamiento<\/strong><\/p>\n<ul>\n<li><strong>Entablar y mantener relaciones comerciales con <\/strong><span style=\"color: #0c71c3;\"><strong><em>md<\/em><\/strong><\/span><span style=\"color: #000000;\">tel<\/span><strong>:<\/strong>\n<ul>\n<li>Preparar, entablar y dar cumplimiento a las relaciones contractuales entre <span style=\"color: #0c71c3;\"><strong><em>md<\/em><\/strong><\/span><span style=\"color: #000000;\">tel<\/span> y sus clientes en la prestaci\u00f3n de servicios y suministro de productos y accesorios complementarios en el entorno de las comunicaciones fijas y m\u00f3viles, conforme a lo descrito en el art\u00edculo 6.1.b del RGPD.<\/li>\n<li>El propio inter\u00e9s leg\u00edtimo de la empresa de comercializar sus productos y accesorios complementarios en el entorno de las comunicaciones fijas y m\u00f3viles y de mantener informados a sus clientes y contactos de las novedades en los productos y servicios ofrecidos, siempre fieles al ejercicio de nuestra actividad.<\/li>\n<li>Cumplimiento de la normativa aplicable: Real Decreto de 22 de agosto de 1885 por el que se publica el C\u00f3digo de Comercio; Real Decreto 1619\/2012, de 30 de noviembre, por el que se aprueba el Reglamento por el que se regulan las obligaciones de facturaci\u00f3n.<\/li>\n<li>Consentimiento de los titulares: al enviarnos una solicitud para que la estudiemos o le informemos de los productos y servicios ofrecidos y aceptaci\u00f3n de la presente pol\u00edtica otorga su consentimiento al tratamiento de los datos facilitados para la finalidad descrita.<\/li>\n<\/ul>\n<\/li>\n<li><strong>Informarle de otros productos y servicios comercializados por <\/strong><span style=\"color: #0c71c3;\"><strong><em>md<\/em><\/strong><\/span><span style=\"color: #000000;\">tel<\/span><strong>:<\/strong>\n<ul>\n<li>Consentimiento de los titulares: al aceptar que le enviemos informaci\u00f3n comercial, otorga su consentimiento al tratamiento de los datos facilitados para la finalidad descrita. Ud. siempre podr\u00e1 oponerse a recibir cualquier comunicaci\u00f3n de este tipo a trav\u00e9s del correo electr\u00f3nico y la direcci\u00f3n mencionada anteriormente.<\/li>\n<\/ul>\n<\/li>\n<\/ul>\n<p>[\/et_pb_text][et_pb_text _builder_version=\u00bb4.25.2&#8243; _module_preset=\u00bbdefault\u00bb text_font=\u00bb|300|||||||\u00bb text_line_height=\u00bb1.6em\u00bb header_font_size=\u00bb20px\u00bb custom_margin=\u00bb||30px||false|false\u00bb hover_enabled=\u00bb0&#8243; global_colors_info=\u00bb{}\u00bb sticky_enabled=\u00bb0&#8243;]<\/p>\n<p><strong>Destinatarios de los datos son:<\/strong><\/p>\n<ul>\n<li><strong><em><span style=\"color: #0c71c3;\">md<\/span><\/em><\/strong><span style=\"color: #000000;\">tel<\/span><\/li>\n<\/ul>\n<p>\u2013 Administraciones p\u00fablicas: <span style=\"color: #0c71c3;\"><em><strong>md<\/strong><\/em><\/span><span style=\"color: #000000;\">tel<\/span> podr\u00e1 facilitar a las Autoridades p\u00fablicas competentes, incluidos los Jueces y Tribunales, los datos personales y cualquier otra informaci\u00f3n que disponga y le sea requerida de conformidad con las disposiciones legales y reglamentarias aplicables.<\/p>\n<p><strong>Conservaci\u00f3n<\/strong><\/p>\n<p><span style=\"color: #0c71c3;\"><strong><em>md<\/em><\/strong><\/span><span style=\"color: #000000;\">tel<\/span> tratar\u00e1 los datos personales mientras resulten precisos para la gesti\u00f3n de las finalidades descritas e informadas anteriormente y durante los plazos requeridos por la legislaci\u00f3n vigente para el cumplimiento de sus obligaciones (hasta 6 a\u00f1os para clientes y proveedores seg\u00fan el C\u00f3digo de Comercio). En el caso de que no haya requisito legal especificado (por ejemplo, solicitudes de clientes potenciales) los datos se conservar\u00e1n hasta que dejen de ser necesarios para las finalidades descritas.<\/p>\n<p>En todo caso, se dejar\u00e1 de conservar los datos cuando el usuario haya pedido su supresi\u00f3n, as\u00ed como cuando haya revocado su consentimiento o se haya opuesto a su tratamiento.<\/p>\n<p>En caso que el usuario revoque su consentimiento, se oponga al tratamiento de sus datos o bien solicite la supresi\u00f3n de los mismos (siempre y cuando disponga de dicho derecho de acuerdo con la normativa), <span style=\"color: #0c71c3;\"><strong><em>md<\/em><\/strong><\/span><span style=\"color: #000000;\">tel <\/span>proceder\u00e1 a bloquearlos para evitar su tratamiento, excepto cuando fueran requeridos por Administraciones p\u00fablicas o Jueces y Tribunales, cuando fueran necesarios para la atenci\u00f3n de las posibles responsabilidades nacidas de los tratamientos, o cuando resulten necesarios para la formulaci\u00f3n, el ejercicio o la defensa de reclamaciones judiciales o ante la Agencia Espa\u00f1ola de Protecci\u00f3n de Datos.<\/p>\n<p><span style=\"color: #0c71c3;\"><strong><em>md<\/em><\/strong><\/span><span style=\"color: #000000;\">tel<\/span> se compromete a mantener y guardar los datos personales que los usuarios nos proporcionen de forma confidencial, garantizando la seguridad de los mismos y evitando el acceso por parte de terceros no autorizados.<\/p>\n<p><strong>Derechos<\/strong><\/p>\n<p>Cualquier persona tiene derecho a obtener confirmaci\u00f3n sobre si en <span style=\"color: #0c71c3;\"><strong><em>md<\/em><\/strong><\/span><span style=\"color: #000000;\">tel<\/span> estamos tratando sus datos personales o no. Asimismo, se le reconocen los siguientes derechos:<\/p>\n<p>[\/et_pb_text][et_pb_text _builder_version=\u00bb4.19.1&#8243; _module_preset=\u00bbdefault\u00bb text_font=\u00bb|300|||||||\u00bb text_line_height=\u00bb1.6em\u00bb header_font_size=\u00bb20px\u00bb custom_padding=\u00bb|||7px||\u00bb global_colors_info=\u00bb{}\u00bb]<\/p>\n<table width=\"623\">\n<tbody>\n<tr>\n<td width=\"104\"><strong>Derecho<\/strong><\/td>\n<td width=\"258\"><strong>Qu\u00e9 implica<\/strong><\/td>\n<td width=\"262\"><strong>C\u00f3mo ejercitarlo<\/strong><\/td>\n<\/tr>\n<tr>\n<td width=\"104\">Acceso<\/td>\n<td width=\"258\">Puede pedirnos qu\u00e9 datos suyos tenemos en nuestros ficheros y qu\u00e9 tratamiento les damos.<\/td>\n<td rowspan=\"6\" width=\"262\">\n<p>Por carta:<span> A la Atenci\u00f3n del Responsable de Datos de <\/span><span style=\"color: #144f9b;\"><strong><em>md<\/em><\/strong><\/span><span style=\"color: #000000;\">tel<\/span><\/p>\n<p>C\/ Manuel Tovar, 38. 28034 Madrid<\/p>\n<p><span><br \/><\/span>Por correo electr\u00f3nico:<span> A <\/span><strong>rgpd@mdtel.es<\/strong><\/p>\n<p>Para ejercitar cualquiera de estos derechos debe acompa\u00f1ar su solicitud de los siguientes datos: nombre y apellidos, domicilio a efecto de notificaciones, DNI, pasaporte u otro documento acreditativo de identidad y petici\u00f3n concreta.<\/p>\n<p>&nbsp;<\/p>\n<p>En caso de que contacte con nosotros desde un correo electr\u00f3nico, tendr\u00e1 que ser la direcci\u00f3n con la que se dio de alta en nuestro sistema y tambi\u00e9n deber\u00e1 aportar los documentos que hemos se\u00f1alado en el p\u00e1rrafo anterior<\/p>\n<\/td>\n<\/tr>\n<tr>\n<td width=\"104\">Rectificaci\u00f3n<\/td>\n<td width=\"258\">Puede pedirnos que modifiquemos sus datos en nuestros ficheros para que est\u00e9n al d\u00eda.<\/td>\n<\/tr>\n<tr>\n<td width=\"104\">Supresi\u00f3n<\/td>\n<td width=\"258\">Puede solicitar que se supriman sus datos manifestando su negativa u oposici\u00f3n al consentimiento para el tratamiento de sus datos y no exista deber legal que lo impida<\/td>\n<\/tr>\n<tr>\n<td width=\"104\">Limitaci\u00f3n<\/td>\n<td width=\"258\">Puede solicitar la limitaci\u00f3n del uso de los datos en cuyo caso se debe concretar para que usos no desea que se usen sus datos<\/td>\n<\/tr>\n<tr>\n<td width=\"104\">Oposici\u00f3n<\/td>\n<td width=\"258\">Por motivos relacionados con su situaci\u00f3n particular, podr\u00e1 oponerse al tratamiento de sus datos. En ese caso, <span style=\"color: #144f9b;\"><strong><em>md<\/em><\/strong><\/span><span style=\"color: #000000;\">tel<\/span> dejar\u00e1 de tratarlos, salvo por motivos leg\u00edtimos imperiosos, o cuando el ejercicio o la defensa de posibles reclamaciones lo impida.<\/td>\n<\/tr>\n<tr>\n<td width=\"104\">Portabilidad<\/td>\n<td width=\"258\">Podr\u00e1 recibir en formato electr\u00f3nico sus datos personales que nos ha facilitado con raz\u00f3n de nuestro servicio o bien que se los enviemos a las empresas que nos diga.<\/td>\n<\/tr>\n<tr>\n<td width=\"104\">Consultas, consideraciones y reclamaciones<\/td>\n<td colspan=\"2\" width=\"520\">\n<p>El interesado puede revocar el consentimiento para el tratamiento de sus datos sin que ello afecte a la licitud del tratamiento basado en el consentimiento previo.<\/p>\n<p><span>Si quiere hacernos alguna pregunta acerca de c\u00f3mo tratamos sus datos, quiere plantearnos alguna consideraci\u00f3n al respecto o cree que no hemos actuado tal y como establece la normativa de protecci\u00f3n de datos puede escribirnos (<\/span><strong>rgpd@mdtel.es<\/strong><span>).<\/span> <span>Si tras intentar ejercer sus derechos en materia de protecci\u00f3n de datos ante mdtel, no es posible llevarlo a cabo, podr\u00e1 presentar una reclamaci\u00f3n ante la Agencia Espa\u00f1ola de Protecci\u00f3n de Datos a trav\u00e9s de su sede electr\u00f3nica (<\/span><a href=\"https:\/\/www.aepd.es\/es\" target=\"_blank\" rel=\"noopener\">https:\/\/www.aepd.es\/es<\/a><span>)<\/span><\/p>\n<\/td>\n<\/tr>\n<\/tbody>\n<\/table>\n<p>[\/et_pb_text][et_pb_text _builder_version=\u00bb4.25.2&#8243; _module_preset=\u00bbdefault\u00bb text_font=\u00bb|300|||||||\u00bb text_line_height=\u00bb1.6em\u00bb header_font_size=\u00bb20px\u00bb custom_padding=\u00bb||||false|false\u00bb hover_enabled=\u00bb0&#8243; global_colors_info=\u00bb{}\u00bb sticky_enabled=\u00bb0&#8243;]<\/p>\n<p>Los usuarios de la web podr\u00e1n ejercitar gratuitamente todos estos derechos, bien en nombre propio o por medio de sus representantes legales.<\/p>\n<p>Una vez recibida la petici\u00f3n <span style=\"color: #0c71c3;\"><strong><em>md<\/em><\/strong><\/span><span style=\"color: #000000;\">tel<\/span> analizar\u00e1 si se ha aportado toda la informaci\u00f3n necesaria para su tr\u00e1mite, as\u00ed como la legitimidad y pertinencia de la petici\u00f3n. En caso que no sea pertinente o que, por el supuesto concreto, no pueda concederse el ejercicio del derecho solicitado lo comunicar\u00e1 al interesado o su representante a los efectos que pueda interponer las reclamaciones correspondientes.<\/p>\n<p>Dicho ejercicio de los derechos se realizar\u00e1 siempre dentro de los plazos establecidos legalmente (art 12.3 del RGPD), que establece un plazo de <strong>un mes desde la recepci\u00f3n de la solicitud<\/strong>, salvo que, por la complejidad, el volumen de solicitudes sea prorrogado seg\u00fan lo descrito en dicho art\u00edculo. En cualquier caso, el usuario recibir\u00e1 una notificaci\u00f3n al respecto en dicho plazo.<\/p>\n<p><strong>Compromisos<\/strong><\/p>\n<p><span style=\"color: #0c71c3;\"><strong><em>md<\/em><\/strong><\/span><span style=\"color: #000000;\">tel <\/span>se compromete a no recabar informaci\u00f3n innecesaria sobre sus clientes o usuarios, a tratar con diligencia la informaci\u00f3n de car\u00e1cter personal que le puedan facilitar y a cumplir en cualquier fase del tratamiento de los datos con la obligaci\u00f3n de guardar el secreto debido.<\/p>\n<p><span style=\"color: #0c71c3;\"><strong><em>md<\/em><\/strong><\/span><span style=\"color: #000000;\">tel<\/span> ha adoptado los niveles de seguridad de protecci\u00f3n de los datos personales legalmente requeridos, y ha instalado todos los medios y medidas t\u00e9cnicas a su alcance para evitar la p\u00e9rdida, mal uso, alteraci\u00f3n, acceso no autorizado y robo de los datos personales facilitados a <span style=\"color: #0c71c3;\"><strong><em>md<\/em><\/strong><\/span><span style=\"color: #000000;\">tel<\/span>. No obstante, el usuario debe ser consciente de que las medidas de seguridad en Internet no son inexpugnables.<\/p>\n<p><strong>Modificaci\u00f3n de pol\u00edtica de privacidad<\/strong><\/p>\n<p><span style=\"color: #0c71c3;\"><strong><em>md<\/em><\/strong><\/span><span style=\"color: #000000;\">tel<\/span> se reserva el derecho de modificar su Pol\u00edtica de Privacidad de acuerdo con la legislaci\u00f3n aplicable en cualquier momento.<\/p>\n<p>[\/et_pb_text][\/et_pb_column][\/et_pb_row][\/et_pb_section]<\/p>\n","protected":false},"excerpt":{"rendered":"<p>Pol\u00edtica de privacidad mdtel &nbsp; A trav\u00e9s de la presente Pol\u00edtica se informa que los datos personales de usuarios facilitados a trav\u00e9s de la p\u00e1gina web www.mdtel.es, propiedad de MAINTENANCE DEVELOPMENT, S.A. (en adelante mdtel), ser\u00e1n tratados de conformidad con los principios de transparencia, limitaci\u00f3n de la finalidad, minimizaci\u00f3n de datos, exactitud, integridad y confidencialidad, [&hellip;]<\/p>\n","protected":false},"author":2,"featured_media":0,"parent":2783,"menu_order":0,"comment_status":"closed","ping_status":"closed","template":"","meta":{"_et_pb_use_builder":"on","_et_pb_old_content":"","_et_gb_content_width":"1080","footnotes":""},"class_list":["post-4459","page","type-page","status-publish","hentry"],"yoast_head":"<!-- This site is optimized with the Yoast SEO plugin v24.3 - https:\/\/yoast.com\/wordpress\/plugins\/seo\/ -->\n<title>Pol\u00edtica de Privacidad | mdtel<\/title>\n<meta name=\"description\" content=\"Pol\u00edtica de Privacidad de la web de mdtel\" \/>\n<meta name=\"robots\" content=\"index, follow, max-snippet:-1, max-image-preview:large, max-video-preview:-1\" \/>\n<link rel=\"canonical\" href=\"https:\/\/www.mdtel.es\/tech\/empresa\/politica-de-privacidad\/\" \/>\n<meta property=\"og:locale\" content=\"es_ES\" \/>\n<meta property=\"og:type\" content=\"article\" \/>\n<meta property=\"og:title\" content=\"Pol\u00edtica de Privacidad | mdtel\" \/>\n<meta property=\"og:description\" content=\"Pol\u00edtica de Privacidad de la web de mdtel\" \/>\n<meta property=\"og:url\" content=\"https:\/\/www.mdtel.es\/tech\/empresa\/politica-de-privacidad\/\" \/>\n<meta property=\"og:site_name\" content=\"mdtel\" \/>\n<meta property=\"article:modified_time\" content=\"2024-06-26T07:08:47+00:00\" \/>\n<meta name=\"twitter:card\" content=\"summary_large_image\" \/>\n<meta name=\"twitter:label1\" content=\"Tiempo de lectura\" \/>\n\t<meta name=\"twitter:data1\" content=\"9 minutos\" \/>\n<script type=\"application\/ld+json\" class=\"yoast-schema-graph\">{\"@context\":\"https:\/\/schema.org\",\"@graph\":[{\"@type\":\"WebPage\",\"@id\":\"https:\/\/www.mdtel.es\/tech\/empresa\/politica-de-privacidad\/\",\"url\":\"https:\/\/www.mdtel.es\/tech\/empresa\/politica-de-privacidad\/\",\"name\":\"Pol\u00edtica de Privacidad | mdtel\",\"isPartOf\":{\"@id\":\"https:\/\/www.mdtel.es\/tech\/#website\"},\"datePublished\":\"2022-10-17T11:10:53+00:00\",\"dateModified\":\"2024-06-26T07:08:47+00:00\",\"description\":\"Pol\u00edtica de Privacidad de la web de mdtel\",\"breadcrumb\":{\"@id\":\"https:\/\/www.mdtel.es\/tech\/empresa\/politica-de-privacidad\/#breadcrumb\"},\"inLanguage\":\"es\",\"potentialAction\":[{\"@type\":\"ReadAction\",\"target\":[\"https:\/\/www.mdtel.es\/tech\/empresa\/politica-de-privacidad\/\"]}]},{\"@type\":\"BreadcrumbList\",\"@id\":\"https:\/\/www.mdtel.es\/tech\/empresa\/politica-de-privacidad\/#breadcrumb\",\"itemListElement\":[{\"@type\":\"ListItem\",\"position\":1,\"name\":\"Empresa\",\"item\":\"https:\/\/www.mdtel.es\/tech\/empresa\/\"},{\"@type\":\"ListItem\",\"position\":2,\"name\":\"Pol\u00edtica de Privacidad\"}]},{\"@type\":\"WebSite\",\"@id\":\"https:\/\/www.mdtel.es\/tech\/#website\",\"url\":\"https:\/\/www.mdtel.es\/tech\/\",\"name\":\"mdtel\",\"description\":\"Telecomunicaciones para empresas\",\"publisher\":{\"@id\":\"https:\/\/www.mdtel.es\/tech\/#organization\"},\"alternateName\":\"Telecomunicaciones para empresas\",\"potentialAction\":[{\"@type\":\"SearchAction\",\"target\":{\"@type\":\"EntryPoint\",\"urlTemplate\":\"https:\/\/www.mdtel.es\/tech\/?s={search_term_string}\"},\"query-input\":{\"@type\":\"PropertyValueSpecification\",\"valueRequired\":true,\"valueName\":\"search_term_string\"}}],\"inLanguage\":\"es\"},{\"@type\":\"Organization\",\"@id\":\"https:\/\/www.mdtel.es\/tech\/#organization\",\"name\":\"mdtel\",\"alternateName\":\"Telecomunicaciones para empresas\",\"url\":\"https:\/\/www.mdtel.es\/tech\/\",\"logo\":{\"@type\":\"ImageObject\",\"inLanguage\":\"es\",\"@id\":\"https:\/\/www.mdtel.es\/tech\/#\/schema\/logo\/image\/\",\"url\":\"https:\/\/www.mdtel.es\/tech\/wp-content\/uploads\/2022\/11\/logo-mdtel.png\",\"contentUrl\":\"https:\/\/www.mdtel.es\/tech\/wp-content\/uploads\/2022\/11\/logo-mdtel.png\",\"width\":177,\"height\":83,\"caption\":\"mdtel\"},\"image\":{\"@id\":\"https:\/\/www.mdtel.es\/tech\/#\/schema\/logo\/image\/\"},\"sameAs\":[\"https:\/\/es.linkedin.com\/company\/mdtelsa\"]}]}<\/script>\n<!-- \/ Yoast SEO plugin. -->","yoast_head_json":{"title":"Pol\u00edtica de Privacidad | mdtel","description":"Pol\u00edtica de Privacidad de la web de mdtel","robots":{"index":"index","follow":"follow","max-snippet":"max-snippet:-1","max-image-preview":"max-image-preview:large","max-video-preview":"max-video-preview:-1"},"canonical":"https:\/\/www.mdtel.es\/tech\/empresa\/politica-de-privacidad\/","og_locale":"es_ES","og_type":"article","og_title":"Pol\u00edtica de Privacidad | mdtel","og_description":"Pol\u00edtica de Privacidad de la web de mdtel","og_url":"https:\/\/www.mdtel.es\/tech\/empresa\/politica-de-privacidad\/","og_site_name":"mdtel","article_modified_time":"2024-06-26T07:08:47+00:00","twitter_card":"summary_large_image","twitter_misc":{"Tiempo de lectura":"9 minutos"},"schema":{"@context":"https:\/\/schema.org","@graph":[{"@type":"WebPage","@id":"https:\/\/www.mdtel.es\/tech\/empresa\/politica-de-privacidad\/","url":"https:\/\/www.mdtel.es\/tech\/empresa\/politica-de-privacidad\/","name":"Pol\u00edtica de Privacidad | mdtel","isPartOf":{"@id":"https:\/\/www.mdtel.es\/tech\/#website"},"datePublished":"2022-10-17T11:10:53+00:00","dateModified":"2024-06-26T07:08:47+00:00","description":"Pol\u00edtica de Privacidad de la web de mdtel","breadcrumb":{"@id":"https:\/\/www.mdtel.es\/tech\/empresa\/politica-de-privacidad\/#breadcrumb"},"inLanguage":"es","potentialAction":[{"@type":"ReadAction","target":["https:\/\/www.mdtel.es\/tech\/empresa\/politica-de-privacidad\/"]}]},{"@type":"BreadcrumbList","@id":"https:\/\/www.mdtel.es\/tech\/empresa\/politica-de-privacidad\/#breadcrumb","itemListElement":[{"@type":"ListItem","position":1,"name":"Empresa","item":"https:\/\/www.mdtel.es\/tech\/empresa\/"},{"@type":"ListItem","position":2,"name":"Pol\u00edtica de Privacidad"}]},{"@type":"WebSite","@id":"https:\/\/www.mdtel.es\/tech\/#website","url":"https:\/\/www.mdtel.es\/tech\/","name":"mdtel","description":"Telecomunicaciones para empresas","publisher":{"@id":"https:\/\/www.mdtel.es\/tech\/#organization"},"alternateName":"Telecomunicaciones para empresas","potentialAction":[{"@type":"SearchAction","target":{"@type":"EntryPoint","urlTemplate":"https:\/\/www.mdtel.es\/tech\/?s={search_term_string}"},"query-input":{"@type":"PropertyValueSpecification","valueRequired":true,"valueName":"search_term_string"}}],"inLanguage":"es"},{"@type":"Organization","@id":"https:\/\/www.mdtel.es\/tech\/#organization","name":"mdtel","alternateName":"Telecomunicaciones para empresas","url":"https:\/\/www.mdtel.es\/tech\/","logo":{"@type":"ImageObject","inLanguage":"es","@id":"https:\/\/www.mdtel.es\/tech\/#\/schema\/logo\/image\/","url":"https:\/\/www.mdtel.es\/tech\/wp-content\/uploads\/2022\/11\/logo-mdtel.png","contentUrl":"https:\/\/www.mdtel.es\/tech\/wp-content\/uploads\/2022\/11\/logo-mdtel.png","width":177,"height":83,"caption":"mdtel"},"image":{"@id":"https:\/\/www.mdtel.es\/tech\/#\/schema\/logo\/image\/"},"sameAs":["https:\/\/es.linkedin.com\/company\/mdtelsa"]}]}},"_links":{"self":[{"href":"https:\/\/www.mdtel.es\/tech\/wp-json\/wp\/v2\/pages\/4459","targetHints":{"allow":["GET"]}}],"collection":[{"href":"https:\/\/www.mdtel.es\/tech\/wp-json\/wp\/v2\/pages"}],"about":[{"href":"https:\/\/www.mdtel.es\/tech\/wp-json\/wp\/v2\/types\/page"}],"author":[{"embeddable":true,"href":"https:\/\/www.mdtel.es\/tech\/wp-json\/wp\/v2\/users\/2"}],"replies":[{"embeddable":true,"href":"https:\/\/www.mdtel.es\/tech\/wp-json\/wp\/v2\/comments?post=4459"}],"version-history":[{"count":32,"href":"https:\/\/www.mdtel.es\/tech\/wp-json\/wp\/v2\/pages\/4459\/revisions"}],"predecessor-version":[{"id":9652,"href":"https:\/\/www.mdtel.es\/tech\/wp-json\/wp\/v2\/pages\/4459\/revisions\/9652"}],"up":[{"embeddable":true,"href":"https:\/\/www.mdtel.es\/tech\/wp-json\/wp\/v2\/pages\/2783"}],"wp:attachment":[{"href":"https:\/\/www.mdtel.es\/tech\/wp-json\/wp\/v2\/media?parent=4459"}],"curies":[{"name":"wp","href":"https:\/\/api.w.org\/{rel}","templated":true}]}}